{"id":3939,"date":"2025-07-23T10:47:21","date_gmt":"2025-07-23T09:47:21","guid":{"rendered":"https:\/\/prd-wordpress-d1e14aaee3e0.hyperlane.co\/questions-frequentes-faq\/"},"modified":"2025-09-03T13:16:27","modified_gmt":"2025-09-03T12:16:27","slug":"questions-frequentes-faq","status":"publish","type":"page","link":"https:\/\/jobs.elia.be\/fr\/questions-frequentes-faq\/","title":{"rendered":"Foire aux questions &#8211; FAQ"},"content":{"rendered":"\n\n<section class=\"relative isolate overflow-hidden bg-bg-dark-grey\"\n  id=\"block_de6d0ac43c3f7d77e88d0b2f583d618b\">\n  <div class=\"container lg:flex lg:min-h-[600px] items-end\">\n    <div class=\"lg:w-1\/2 grid gap-y-6 justify-items-start lg:py-20 pb-8 pt-32\">\n              \n  <h3 class=\"text-heading-700 lg:text-heading-900 font-extrabold text-heading-inverted uppercase [&#038;_span]:text-heading-on-dark-grey\">Foire aux questions<\/h3>\n      \n              <div class=\"text-body-500 lg:text-body-600 font-bold text-body-primary-inverted\">\n          Vous avez encore des questions sur le travail chez Elia ?<br \/>\r\n<br \/>\r\nD\u00e9couvrez ici les r\u00e9ponses aux questions les plus fr\u00e9quentes sur la candidature, le travail et l\u2019\u00e9volution chez Elia. Que vous soyez au d\u00e9but de votre carri\u00e8re ou que vous apportiez d\u00e9j\u00e0 une solide exp\u00e9rience, cette page regroupe toutes les informations pratiques sur nos emplois, nos avantages et notre environnement de travail. <br \/>\r\n<br \/>\r\n<br \/>\r\n\n        <\/div>\n      \n      <div class=\"flex flex-col gap-3 md:flex-row\">\n                  <\/div>\n    <\/div>\n\n          <div class=\"absolute bottom-full lg:bottom-1\/2 left-1\/4 lg:left-1\/2 w-[1600px] lg:w-[5600px] translate-y-[160px] lg:translate-y-1\/2 select-none\">\n        <svg viewBox=\"0 0 2142 1091\" fill=\"none\">\n          <g opacity=\"0.7\" clip-path=\"url(#clip0_4416_4334)\">\n            <path d=\"M2038.95 545.507C2291.79 244.228 2063.38 0 1528.79 0C994.198 0 355.877 244.228 103.045 545.507C-149.786 846.772 78.6191 1091.01 613.196 1091.01C1147.77 1091.01 1786.11 846.786 2038.94 545.507M1956.38 544.836C1742.93 799.185 1173.98 1005.37 685.58 1005.37C197.184 1005.37 -25.6706 799.185 187.774 544.836C401.219 290.487 970.178 84.2984 1458.57 84.2984C1946.97 84.2984 2169.84 290.487 1956.39 544.836\"\n              fill=\"white\"><\/path>\n          <\/g>\n        <\/svg>\n      <\/div>\n      <\/div>\n<\/section>\n\n\n<section class=\"relative grid py-10 bg-white\">\n  <div class=\"absolute inset-0 overflow-hidden z-0\">\n    \n\n\n  <div class=\" max-lg:hidden absolute -z-10 top-0 right-0 container:right-[calc(50%-640px)] translate-x-[80px] after:absolute after:bottom-0 after:left-full after:block after:h-0.5 after:w-screen select-none -z-10 text-bg-orange after:bg-bg-orange\">\n    <svg width=\"401\" height=\"95\" viewBox=\"0 0 401 95\" fill=\"none\">\n      <path d=\"M1 0L0.999997 70C0.999997 83.2548 11.7452 94 25 94L207.485 94L401 94\"\n        stroke=\"currentColor\"\n        stroke-width=\"2\"><\/path>\n      <path d=\"M143.88 70.4534V85.135M137.41 89.1158V70.4534M115.4 70.4534V87.8038M108.93 93.5062V70.4534M84.0547 93.7334C86.7301 93.759 89.3587 93.0326 91.3939 89.4422C94.6515 83.695 99.6051 83.695 102.856 89.4422C106.114 95.1894 111.067 95.1894 114.319 89.4422C117.576 83.695 122.53 83.695 125.781 89.4422M125.787 89.4422C129.045 95.1894 133.999 95.1894 137.25 89.4422C140.507 83.695 145.461 83.695 148.712 89.4422C151.97 95.1894 156.055 93.7334 160.555 93.7334M95.5539 27.7334H130.504V36.367H95.5539V27.7334ZM95.5539 61.8198H157.691V70.4534H95.5539V61.8198ZM108.93 44.559H143.88V53.1926H108.93V44.559ZM95.5539 36.3606H157.691V61.391H95.5539V36.3606Z\"\n        stroke=\"currentColor\"\n        stroke-width=\"2\"\n        stroke-linecap=\"round\"\n        stroke-linejoin=\"round\"><\/path>\n    <\/svg>\n  <\/div>\n\n\n  <\/div>\n\n  <form class=\"relative container flex max-lg:flex-col lg:items-center gap-4 lg:gap-6 z-10\" data-filters>\n    \n          \n\n<div class=\"min-w-52 grid gap-y-1\">\n  \n  <div class=\"group relative grid\" data-select=\"hidden\">\n    <input id=\"category\"\n      name=\"category\"\n      type=\"text\"\n      value=\"\"\n      hidden \/>\n\n    <button class=\"flex justify-between items-center gap-x-3 py-2 px-6 rounded-full border transition-colors cursor-pointer border-orange hover:bg-orange text-orange hover:text-heading-inverted\"\n      type=\"button\">\n      <span class=\"text-heading-300 font-bold\">Category<\/span>\n\n      \n\n  <span class=\"inline-flex size-(--icon-size)! [&#038;_svg]:size-[inherit]! [&#038;_svg]:block group-data-[select='active']:rotate-180 transition-transform\" style=\"--icon-size: 20px;\">\n    <svg viewBox=\"0 0 28 28\" fill=\"none\" xmlns=\"http:\/\/www.w3.org\/2000\/svg\">\n    <path d=\"M7 10.5L14 17.5L21 10.5\" stroke=\"currentColor\" stroke-width=\"1.9\" stroke-linecap=\"round\" stroke-linejoin=\"round\"\/>\n<\/svg>\n\n  <\/span>\n\n\n    <\/button>\n\n    <ul class=\"absolute z-10 top-full mt-1 w-full grid rounded-lg bg-white overflow-hidden opacity-0 group-data-[select='active']:opacity-100 pointer-events-none group-data-[select='active']:pointer-events-auto transition-opacity\">\n      <li hidden data-value>Category<\/li>\n\n              <li class=\"flex items-center gap-x-2 py-2 px-3 text-text-link hover:text-text-link-hover lg:active:text-text-link-hover transition-colors cursor-pointer\"\n          data-value=\"\"\n          data-label=\"All Categories\">\n          <span class=\"text-body-400 font-medium pointer-events-none\">\n            All Categories\n          <\/span>\n        <\/li>\n          <\/ul>\n  <\/div>\n<\/div>\n      <\/form>\n<\/section>\n\n<section class=\"relative grid isolate overflow-hidden\"\n  id=\"block_dd2866e403b6def2c0fbe1004c4d1848\"\n  data-faq>\n  <div class=\"container grid gap-y-10 lg:gap-y-20 py-8 lg:py-20\">\n    \n\n\n\n\n\n          <div class=\"grid gap-y-4 lg:gap-y-6 max-w-[800px]\">\n        <p class=\"text-heading-500 font-extrabold\">\n          Technical\n        <\/p>\n\n        <p class=\"text-heading-400 font-bold\">\n          \n        <\/p>\n\n        <ul class=\"grid gap-y-4 lg:gap-y-8\">\n                  <\/ul>\n      <\/div>\n      <\/div>\n<\/section>\n\n\n<section class=\"relative grid isolate overflow-hidden bg-bg-dark-grey\"\n  id=\"block_5908150880572d414aab6c77b93619fd\">\n      <div class=\"lg:absolute lg:left-0 lg:top-0 lg:bottom-0 h-[320px] lg:h-full w-full lg:w-[calc(50%-40px)]\">\n      \n<picture>\n  \n  \n  \n        \n        \n  <img loading=\"lazy\" decoding=\"async\"  src=\"https:\/\/jobs.elia.be\/wp-content\/uploads\/2025\/07\/PHNX_Elia_SelectionDay2_250403_020-scaled.jpg\" alt=\"\" width=\"2560\" height=\"1708\"  class=\"w-full h-full object-cover object-center\">\n<\/picture>\n    <\/div>\n  \n  <div class=\"container flex justify-end\">\n    <div class=\"lg:w-[calc(50%-40px)] grid gap-y-6 lg:gap-y-10 justify-items-start py-8 lg:py-20 text-body-primary-inverted\">\n      <div class=\"grid gap-y-6 lg:gap-y-3\">\n                  \n  <h3 class=\"text-heading-700 font-extrabold uppercase [&#038;_span]:text-heading-on-dark-grey\">Votre question ne figure pas dans la liste ?<\/h3>\n        \n                  <p class=\"text-body-500 lg:text-body-600 font-bold\">\n            Pas de probl\u00e8me, envoyez-nous un e-mail \u00e0 jobs@elia.be et nous vous mettrons en contact avec l\u2019un de nos recruteurs.\n          <\/p>\n              <\/div>\n\n              <div class=\"typography text-body-500\">\n          <p><strong>Attention:<\/strong> pour des raisons de confidentialit\u00e9, nous ne pouvons pas accepter de candidatures par e-mail.<br \/>\nSi vous souhaitez postuler \u00e0 l\u2019un de nos emplois,: <a href=\"https:\/\/jobs.eliagroup.eu\/elia\/go\/Alle-vacatures\/8946102\/\">veuillez le faire ici.<\/a><\/p>\n\n        <\/div>\n      \n          <\/div>\n  <\/div>\n<\/section>\n\n<p><\/p>\n","protected":false},"excerpt":{"rendered":"","protected":false},"author":1,"featured_media":0,"parent":0,"menu_order":0,"comment_status":"closed","ping_status":"closed","template":"","meta":{"_acf_changed":false,"footnotes":""},"class_list":["post-3939","page","type-page","status-publish","hentry"],"acf":[],"yoast_head":"<!-- This site is optimized with the Yoast SEO plugin v27.4 - https:\/\/yoast.com\/product\/yoast-seo-wordpress\/ -->\n<title>Questions fr\u00e9quentes (FAQ) sur les emplois chez Elia<\/title>\n<meta name=\"description\" content=\"Vous avez des questions sur la candidature, le processus de s\u00e9lection ou le travail chez Elia ? Retrouvez toutes les r\u00e9ponses dans notre FAQ.\" \/>\n<meta name=\"robots\" content=\"index, follow, max-snippet:-1, max-image-preview:large, max-video-preview:-1\" \/>\n<link rel=\"canonical\" href=\"https:\/\/jobs.elia.be\/fr\/questions-frequentes-faq\/\" \/>\n<meta property=\"og:locale\" content=\"fr_FR\" \/>\n<meta property=\"og:type\" content=\"article\" \/>\n<meta property=\"og:title\" content=\"Questions fr\u00e9quentes (FAQ) sur les emplois chez Elia\" \/>\n<meta property=\"og:description\" content=\"Vous avez des questions sur la candidature, le processus de s\u00e9lection ou le travail chez Elia ? Retrouvez toutes les r\u00e9ponses dans notre FAQ.\" \/>\n<meta property=\"og:url\" content=\"https:\/\/jobs.elia.be\/fr\/questions-frequentes-faq\/\" \/>\n<meta property=\"og:site_name\" content=\"ELIA\" \/>\n<meta property=\"article:publisher\" content=\"https:\/\/www.facebook.com\/eliacorporate\/\" \/>\n<meta property=\"article:modified_time\" content=\"2025-09-03T12:16:27+00:00\" \/>\n<meta property=\"og:image\" content=\"https:\/\/jobs.elia.be\/wp-content\/uploads\/2025\/05\/image-2.png\" \/>\n\t<meta property=\"og:image:width\" content=\"640\" \/>\n\t<meta property=\"og:image:height\" content=\"240\" \/>\n\t<meta property=\"og:image:type\" content=\"image\/png\" \/>\n<meta name=\"twitter:card\" content=\"summary_large_image\" \/>\n<script type=\"application\/ld+json\" class=\"yoast-schema-graph\">{\"@context\":\"https:\\\/\\\/schema.org\",\"@graph\":[{\"@type\":\"WebPage\",\"@id\":\"https:\\\/\\\/jobs.elia.be\\\/fr\\\/questions-frequentes-faq\\\/\",\"url\":\"https:\\\/\\\/jobs.elia.be\\\/fr\\\/questions-frequentes-faq\\\/\",\"name\":\"Questions fr\u00e9quentes (FAQ) sur les emplois chez Elia\",\"isPartOf\":{\"@id\":\"https:\\\/\\\/jobs.elia.be\\\/#website\"},\"datePublished\":\"2025-07-23T09:47:21+00:00\",\"dateModified\":\"2025-09-03T12:16:27+00:00\",\"description\":\"Vous avez des questions sur la candidature, le processus de s\u00e9lection ou le travail chez Elia ? Retrouvez toutes les r\u00e9ponses dans notre FAQ.\",\"breadcrumb\":{\"@id\":\"https:\\\/\\\/jobs.elia.be\\\/fr\\\/questions-frequentes-faq\\\/#breadcrumb\"},\"inLanguage\":\"fr-FR\",\"potentialAction\":[{\"@type\":\"ReadAction\",\"target\":[\"https:\\\/\\\/jobs.elia.be\\\/fr\\\/questions-frequentes-faq\\\/\"]}]},{\"@type\":\"BreadcrumbList\",\"@id\":\"https:\\\/\\\/jobs.elia.be\\\/fr\\\/questions-frequentes-faq\\\/#breadcrumb\",\"itemListElement\":[{\"@type\":\"ListItem\",\"position\":1,\"name\":\"Home\",\"item\":\"https:\\\/\\\/jobs.elia.be\\\/fr\\\/\"},{\"@type\":\"ListItem\",\"position\":2,\"name\":\"Foire aux questions &#8211; FAQ\"}]},{\"@type\":\"WebSite\",\"@id\":\"https:\\\/\\\/jobs.elia.be\\\/#website\",\"url\":\"https:\\\/\\\/jobs.elia.be\\\/\",\"name\":\"Elia jobs\",\"description\":\"Samen bouwen aan de toekomst van energie\",\"publisher\":{\"@id\":\"https:\\\/\\\/jobs.elia.be\\\/#organization\"},\"alternateName\":\"Elia Careers\",\"potentialAction\":[{\"@type\":\"SearchAction\",\"target\":{\"@type\":\"EntryPoint\",\"urlTemplate\":\"https:\\\/\\\/jobs.elia.be\\\/?s={search_term_string}\"},\"query-input\":{\"@type\":\"PropertyValueSpecification\",\"valueRequired\":true,\"valueName\":\"search_term_string\"}}],\"inLanguage\":\"fr-FR\"},{\"@type\":\"Organization\",\"@id\":\"https:\\\/\\\/jobs.elia.be\\\/#organization\",\"name\":\"Elia Transmission Belgium\",\"alternateName\":\"Elia\",\"url\":\"https:\\\/\\\/jobs.elia.be\\\/\",\"logo\":{\"@type\":\"ImageObject\",\"inLanguage\":\"fr-FR\",\"@id\":\"https:\\\/\\\/jobs.elia.be\\\/#\\\/schema\\\/logo\\\/image\\\/\",\"url\":\"https:\\\/\\\/prd-wordpress-d1e14aaee3e0.hyperlane.co\\\/wp-content\\\/uploads\\\/2025\\\/05\\\/image-2.png\",\"contentUrl\":\"https:\\\/\\\/prd-wordpress-d1e14aaee3e0.hyperlane.co\\\/wp-content\\\/uploads\\\/2025\\\/05\\\/image-2.png\",\"width\":640,\"height\":240,\"caption\":\"Elia Transmission Belgium\"},\"image\":{\"@id\":\"https:\\\/\\\/jobs.elia.be\\\/#\\\/schema\\\/logo\\\/image\\\/\"},\"sameAs\":[\"https:\\\/\\\/www.facebook.com\\\/eliacorporate\\\/\",\"https:\\\/\\\/www.instagram.com\\\/elia_belgium\\\/\"]}]}<\/script>\n<!-- \/ Yoast SEO plugin. -->","yoast_head_json":{"title":"Questions fr\u00e9quentes (FAQ) sur les emplois chez Elia","description":"Vous avez des questions sur la candidature, le processus de s\u00e9lection ou le travail chez Elia ? Retrouvez toutes les r\u00e9ponses dans notre FAQ.","robots":{"index":"index","follow":"follow","max-snippet":"max-snippet:-1","max-image-preview":"max-image-preview:large","max-video-preview":"max-video-preview:-1"},"canonical":"https:\/\/jobs.elia.be\/fr\/questions-frequentes-faq\/","og_locale":"fr_FR","og_type":"article","og_title":"Questions fr\u00e9quentes (FAQ) sur les emplois chez Elia","og_description":"Vous avez des questions sur la candidature, le processus de s\u00e9lection ou le travail chez Elia ? Retrouvez toutes les r\u00e9ponses dans notre FAQ.","og_url":"https:\/\/jobs.elia.be\/fr\/questions-frequentes-faq\/","og_site_name":"ELIA","article_publisher":"https:\/\/www.facebook.com\/eliacorporate\/","article_modified_time":"2025-09-03T12:16:27+00:00","og_image":[{"width":640,"height":240,"url":"https:\/\/jobs.elia.be\/wp-content\/uploads\/2025\/05\/image-2.png","type":"image\/png"}],"twitter_card":"summary_large_image","schema":{"@context":"https:\/\/schema.org","@graph":[{"@type":"WebPage","@id":"https:\/\/jobs.elia.be\/fr\/questions-frequentes-faq\/","url":"https:\/\/jobs.elia.be\/fr\/questions-frequentes-faq\/","name":"Questions fr\u00e9quentes (FAQ) sur les emplois chez Elia","isPartOf":{"@id":"https:\/\/jobs.elia.be\/#website"},"datePublished":"2025-07-23T09:47:21+00:00","dateModified":"2025-09-03T12:16:27+00:00","description":"Vous avez des questions sur la candidature, le processus de s\u00e9lection ou le travail chez Elia ? Retrouvez toutes les r\u00e9ponses dans notre FAQ.","breadcrumb":{"@id":"https:\/\/jobs.elia.be\/fr\/questions-frequentes-faq\/#breadcrumb"},"inLanguage":"fr-FR","potentialAction":[{"@type":"ReadAction","target":["https:\/\/jobs.elia.be\/fr\/questions-frequentes-faq\/"]}]},{"@type":"BreadcrumbList","@id":"https:\/\/jobs.elia.be\/fr\/questions-frequentes-faq\/#breadcrumb","itemListElement":[{"@type":"ListItem","position":1,"name":"Home","item":"https:\/\/jobs.elia.be\/fr\/"},{"@type":"ListItem","position":2,"name":"Foire aux questions &#8211; FAQ"}]},{"@type":"WebSite","@id":"https:\/\/jobs.elia.be\/#website","url":"https:\/\/jobs.elia.be\/","name":"Elia jobs","description":"Samen bouwen aan de toekomst van energie","publisher":{"@id":"https:\/\/jobs.elia.be\/#organization"},"alternateName":"Elia Careers","potentialAction":[{"@type":"SearchAction","target":{"@type":"EntryPoint","urlTemplate":"https:\/\/jobs.elia.be\/?s={search_term_string}"},"query-input":{"@type":"PropertyValueSpecification","valueRequired":true,"valueName":"search_term_string"}}],"inLanguage":"fr-FR"},{"@type":"Organization","@id":"https:\/\/jobs.elia.be\/#organization","name":"Elia Transmission Belgium","alternateName":"Elia","url":"https:\/\/jobs.elia.be\/","logo":{"@type":"ImageObject","inLanguage":"fr-FR","@id":"https:\/\/jobs.elia.be\/#\/schema\/logo\/image\/","url":"https:\/\/prd-wordpress-d1e14aaee3e0.hyperlane.co\/wp-content\/uploads\/2025\/05\/image-2.png","contentUrl":"https:\/\/prd-wordpress-d1e14aaee3e0.hyperlane.co\/wp-content\/uploads\/2025\/05\/image-2.png","width":640,"height":240,"caption":"Elia Transmission Belgium"},"image":{"@id":"https:\/\/jobs.elia.be\/#\/schema\/logo\/image\/"},"sameAs":["https:\/\/www.facebook.com\/eliacorporate\/","https:\/\/www.instagram.com\/elia_belgium\/"]}]}},"_links":{"self":[{"href":"https:\/\/jobs.elia.be\/fr\/wp-json\/wp\/v2\/pages\/3939","targetHints":{"allow":["GET"]}}],"collection":[{"href":"https:\/\/jobs.elia.be\/fr\/wp-json\/wp\/v2\/pages"}],"about":[{"href":"https:\/\/jobs.elia.be\/fr\/wp-json\/wp\/v2\/types\/page"}],"author":[{"embeddable":true,"href":"https:\/\/jobs.elia.be\/fr\/wp-json\/wp\/v2\/users\/1"}],"replies":[{"embeddable":true,"href":"https:\/\/jobs.elia.be\/fr\/wp-json\/wp\/v2\/comments?post=3939"}],"version-history":[{"count":3,"href":"https:\/\/jobs.elia.be\/fr\/wp-json\/wp\/v2\/pages\/3939\/revisions"}],"predecessor-version":[{"id":4177,"href":"https:\/\/jobs.elia.be\/fr\/wp-json\/wp\/v2\/pages\/3939\/revisions\/4177"}],"wp:attachment":[{"href":"https:\/\/jobs.elia.be\/fr\/wp-json\/wp\/v2\/media?parent=3939"}],"curies":[{"name":"wp","href":"https:\/\/api.w.org\/{rel}","templated":true}]}}